{"id":5278,"date":"2022-07-18T19:05:18","date_gmt":"2022-07-18T19:05:18","guid":{"rendered":"https:\/\/tech-clones-v2-osslt.lswp.vretta.com\/?post_type=ht_kb&#038;p=5278"},"modified":"2023-10-05T00:42:39","modified_gmt":"2023-10-05T00:42:39","slug":"options-en-matiere-daccessibilite-et-dadaptations-3","status":"publish","type":"ht_kb","link":"https:\/\/eqaokb-osslt.lswp.vretta.com\/fr\/knowledge-base\/options-en-matiere-daccessibilite-et-dadaptations-3\/","title":{"rendered":"Pr\u00e9parer le(s) logiciel(s) pour l\u2019accessibilit\u00e9 et les adaptations\u00a0"},"content":{"rendered":"\n<h2 class=\"wp-block-heading\">Logiciels pris en charge<strong>&nbsp;<\/strong><\/h2>\n\n\n\n<p>Les logiciels d&rsquo;accessibilit\u00e9 et d&rsquo;adaptation suivants sont pris en charge :<strong>&nbsp;<\/strong><\/p>\n\n\n\n<ul class=\"wp-block-list\">\n<li>Synth\u00e8se vocale int\u00e9gr\u00e9e (fonction interne offerte dans le test);<\/li>\n\n\n\n<li>Read&amp;Write&nbsp;pour Google Chrome;<\/li>\n\n\n\n<li>Dragon NaturallySpeaking;<\/li>\n\n\n\n<li>Kurzweil 3000;<\/li>\n\n\n\n<li>NVDA Screen Reader;<\/li>\n\n\n\n<li>JAWS.<\/li>\n<\/ul>\n\n\n\n<p class=\"wp-block-ht-blocks-messages wp-block-hb-message wp-block-hb-message--withicon is-style-info\"><strong>NOTE<\/strong><br>Si vous voulez d\u2019autres logiciels d\u2019accessibilit\u00e9 ou d\u2019adaptation qui ne figurent pas dans la liste ci-dessus, veuillez envoyer un courriel \u00e0 <a href=\"mailto:oqre-soutien-technique@vretta.com\" target=\"_blank\" rel=\"noreferrer noopener\" class=\"ek-link\"><span style=\"text-decoration: underline\" class=\"ek-underline\"><strong>oqre-soutien-technique@vretta.com<\/strong><\/span><\/a>.<\/p>\n\n\n\n<p>Le test demande l\u2019utilisation d\u2019un logiciel de verrouillage du navigateur (<strong>SEB <\/strong>ou <strong>Kiosk<\/strong>).&nbsp;<\/p>\n\n\n\n<p>Si votre logiciel n\u2019est pas compatible avec les navigateurs de verrouillage (<strong>SEB <\/strong>ou <strong>Kiosk<\/strong>), l&rsquo;\u00e9l\u00e8ve peut utiliser un acc\u00e8s alternatif. Cet acc\u00e8s alternatif permet au logiciel de fonctionner normalement avec des mesures de s\u00e9curit\u00e9 alternatives qui avertissent le personnel enseignant si l&rsquo;\u00e9l\u00e8ve tente de naviguer hors de la fen\u00eatre d&rsquo;\u00e9valuation. La direction d\u2019\u00e9cole doit s&rsquo;assurer que la technologie d&rsquo;assistance est coch\u00e9e dans le dossier de l&rsquo;\u00e9l\u00e8ve, dans l&rsquo;onglet des <strong>Adaptations<\/strong>, afin d&rsquo;obtenir un acc\u00e8s alternatif. Les \u00e9l\u00e8ves pourront acc\u00e9der au test en utilisant l\u2019acc\u00e8s direct \u00e0 partir de la <strong><span style=\"text-decoration: underline\" class=\"ek-underline\"><a aria-label=\"page de connexion de l\u2019OQRE (opens in a new tab)\" href=\"https:\/\/qc8.vretta.com\/#\/fr\/login-student\" target=\"_blank\" rel=\"noreferrer noopener\" class=\"ek-link\">page de connexion de l\u2019OQRE<\/a><\/span><\/strong>.&nbsp;<\/p>\n\n\n\n<p class=\"wp-block-ht-blocks-messages wp-block-hb-message wp-block-hb-message--withicon is-style-alert\"><strong>IMPORTANT<\/strong>&nbsp;<br>Seul(e)s les \u00e9l\u00e8ves avec un <strong>PEI<\/strong> qui mentionne une adaptation de technologie d\u2019assistance peuvent utiliser un acc\u00e8s alternatif.&nbsp;<\/p>\n","protected":false},"excerpt":{"rendered":"<p>Cette section comprend des d\u00e9tails sur les options en mati\u00e8re d\u2019accessibilit\u00e9 et d\u2019adaptations offertes sur le syst\u00e8me.<\/p>\n","protected":false},"author":17,"comment_status":"open","ping_status":"closed","template":"","format":"standard","meta":{"footnotes":""},"ht-kb-category":[548],"ht-kb-tag":[],"class_list":["post-5278","ht_kb","type-ht_kb","status-publish","format-standard","hentry","ht_kb_category-professionnels-des-ti-pour-les-ecoles-publiques"],"yoast_head":"<!-- This site is optimized with the Yoast SEO plugin v25.0 - https:\/\/yoast.com\/wordpress\/plugins\/seo\/ -->\n<title>Pr\u00e9parer le(s) logiciel(s) pour l\u2019accessibilit\u00e9 et les adaptations\u00a0 - Guide d&#039;utilisation pour l&#039;administration du Test provincial de comp\u00e9tences linguistiques (TPCL)<\/title>\n<meta name=\"robots\" content=\"index, follow, max-snippet:-1, max-image-preview:large, max-video-preview:-1\" \/>\n<link rel=\"canonical\" href=\"https:\/\/eqaokb-osslt.lswp.vretta.com\/knowledge-base\/accessibility-and-accommodation-options-3\/\" \/>\n<meta property=\"og:locale\" content=\"fr_FR\" \/>\n<meta property=\"og:type\" content=\"article\" \/>\n<meta property=\"og:title\" content=\"Pr\u00e9parer le(s) logiciel(s) pour l\u2019accessibilit\u00e9 et les adaptations\u00a0 - Guide d&#039;utilisation pour l&#039;administration du Test provincial de comp\u00e9tences linguistiques (TPCL)\" \/>\n<meta property=\"og:description\" content=\"Cette section comprend des d\u00e9tails sur les options en mati\u00e8re d\u2019accessibilit\u00e9 et d\u2019adaptations offertes sur le syst\u00e8me.\" \/>\n<meta property=\"og:url\" content=\"https:\/\/eqaokb-osslt.lswp.vretta.com\/knowledge-base\/accessibility-and-accommodation-options-3\/\" \/>\n<meta property=\"og:site_name\" content=\"Guide d&#039;utilisation pour l&#039;administration du Test provincial de comp\u00e9tences linguistiques (TPCL)\" \/>\n<meta property=\"article:modified_time\" content=\"2023-10-05T00:42:39+00:00\" \/>\n<meta name=\"twitter:card\" content=\"summary_large_image\" \/>\n<meta name=\"twitter:label1\" content=\"Dur\u00e9e de lecture estim\u00e9e\" \/>\n\t<meta name=\"twitter:data1\" content=\"1 minute\" \/>\n<script type=\"application\/ld+json\" class=\"yoast-schema-graph\">{\"@context\":\"https:\/\/schema.org\",\"@graph\":[{\"@type\":\"WebPage\",\"@id\":\"https:\/\/eqaokb-osslt.lswp.vretta.com\/knowledge-base\/accessibility-and-accommodation-options-3\/\",\"url\":\"https:\/\/eqaokb-osslt.lswp.vretta.com\/knowledge-base\/accessibility-and-accommodation-options-3\/\",\"name\":\"Pr\u00e9parer le(s) logiciel(s) pour l\u2019accessibilit\u00e9 et les adaptations\u00a0 - Guide d&#039;utilisation pour l&#039;administration du Test provincial de comp\u00e9tences linguistiques (TPCL)\",\"isPartOf\":{\"@id\":\"https:\/\/eqaokb-osslt.lswp.vretta.com\/#website\"},\"datePublished\":\"2022-07-18T19:05:18+00:00\",\"dateModified\":\"2023-10-05T00:42:39+00:00\",\"breadcrumb\":{\"@id\":\"https:\/\/eqaokb-osslt.lswp.vretta.com\/knowledge-base\/accessibility-and-accommodation-options-3\/#breadcrumb\"},\"inLanguage\":\"fr-FR\",\"potentialAction\":[{\"@type\":\"ReadAction\",\"target\":[\"https:\/\/eqaokb-osslt.lswp.vretta.com\/knowledge-base\/accessibility-and-accommodation-options-3\/\"]}]},{\"@type\":\"BreadcrumbList\",\"@id\":\"https:\/\/eqaokb-osslt.lswp.vretta.com\/knowledge-base\/accessibility-and-accommodation-options-3\/#breadcrumb\",\"itemListElement\":[{\"@type\":\"ListItem\",\"position\":1,\"name\":\"Home\",\"item\":\"https:\/\/eqaokb-osslt.lswp.vretta.com\/\"},{\"@type\":\"ListItem\",\"position\":2,\"name\":\"Pr\u00e9parer le(s) logiciel(s) pour l\u2019accessibilit\u00e9 et les adaptations\u00a0\"}]},{\"@type\":\"WebSite\",\"@id\":\"https:\/\/eqaokb-osslt.lswp.vretta.com\/#website\",\"url\":\"https:\/\/eqaokb-osslt.lswp.vretta.com\/\",\"name\":\"Guide d&#039;utilisation pour l&#039;administration du Test provincial de comp\u00e9tences linguistiques (TPCL)\",\"description\":\"\",\"potentialAction\":[{\"@type\":\"SearchAction\",\"target\":{\"@type\":\"EntryPoint\",\"urlTemplate\":\"https:\/\/eqaokb-osslt.lswp.vretta.com\/?s={search_term_string}\"},\"query-input\":{\"@type\":\"PropertyValueSpecification\",\"valueRequired\":true,\"valueName\":\"search_term_string\"}}],\"inLanguage\":\"fr-FR\"}]}<\/script>\n<!-- \/ Yoast SEO plugin. -->","yoast_head_json":{"title":"Pr\u00e9parer le(s) logiciel(s) pour l\u2019accessibilit\u00e9 et les adaptations\u00a0 - Guide d&#039;utilisation pour l&#039;administration du Test provincial de comp\u00e9tences linguistiques (TPCL)","robots":{"index":"index","follow":"follow","max-snippet":"max-snippet:-1","max-image-preview":"max-image-preview:large","max-video-preview":"max-video-preview:-1"},"canonical":"https:\/\/eqaokb-osslt.lswp.vretta.com\/knowledge-base\/accessibility-and-accommodation-options-3\/","og_locale":"fr_FR","og_type":"article","og_title":"Pr\u00e9parer le(s) logiciel(s) pour l\u2019accessibilit\u00e9 et les adaptations\u00a0 - Guide d&#039;utilisation pour l&#039;administration du Test provincial de comp\u00e9tences linguistiques (TPCL)","og_description":"Cette section comprend des d\u00e9tails sur les options en mati\u00e8re d\u2019accessibilit\u00e9 et d\u2019adaptations offertes sur le syst\u00e8me.","og_url":"https:\/\/eqaokb-osslt.lswp.vretta.com\/knowledge-base\/accessibility-and-accommodation-options-3\/","og_site_name":"Guide d&#039;utilisation pour l&#039;administration du Test provincial de comp\u00e9tences linguistiques (TPCL)","article_modified_time":"2023-10-05T00:42:39+00:00","twitter_card":"summary_large_image","twitter_misc":{"Dur\u00e9e de lecture estim\u00e9e":"1 minute"},"schema":{"@context":"https:\/\/schema.org","@graph":[{"@type":"WebPage","@id":"https:\/\/eqaokb-osslt.lswp.vretta.com\/knowledge-base\/accessibility-and-accommodation-options-3\/","url":"https:\/\/eqaokb-osslt.lswp.vretta.com\/knowledge-base\/accessibility-and-accommodation-options-3\/","name":"Pr\u00e9parer le(s) logiciel(s) pour l\u2019accessibilit\u00e9 et les adaptations\u00a0 - Guide d&#039;utilisation pour l&#039;administration du Test provincial de comp\u00e9tences linguistiques (TPCL)","isPartOf":{"@id":"https:\/\/eqaokb-osslt.lswp.vretta.com\/#website"},"datePublished":"2022-07-18T19:05:18+00:00","dateModified":"2023-10-05T00:42:39+00:00","breadcrumb":{"@id":"https:\/\/eqaokb-osslt.lswp.vretta.com\/knowledge-base\/accessibility-and-accommodation-options-3\/#breadcrumb"},"inLanguage":"fr-FR","potentialAction":[{"@type":"ReadAction","target":["https:\/\/eqaokb-osslt.lswp.vretta.com\/knowledge-base\/accessibility-and-accommodation-options-3\/"]}]},{"@type":"BreadcrumbList","@id":"https:\/\/eqaokb-osslt.lswp.vretta.com\/knowledge-base\/accessibility-and-accommodation-options-3\/#breadcrumb","itemListElement":[{"@type":"ListItem","position":1,"name":"Home","item":"https:\/\/eqaokb-osslt.lswp.vretta.com\/"},{"@type":"ListItem","position":2,"name":"Pr\u00e9parer le(s) logiciel(s) pour l\u2019accessibilit\u00e9 et les adaptations\u00a0"}]},{"@type":"WebSite","@id":"https:\/\/eqaokb-osslt.lswp.vretta.com\/#website","url":"https:\/\/eqaokb-osslt.lswp.vretta.com\/","name":"Guide d&#039;utilisation pour l&#039;administration du Test provincial de comp\u00e9tences linguistiques (TPCL)","description":"","potentialAction":[{"@type":"SearchAction","target":{"@type":"EntryPoint","urlTemplate":"https:\/\/eqaokb-osslt.lswp.vretta.com\/?s={search_term_string}"},"query-input":{"@type":"PropertyValueSpecification","valueRequired":true,"valueName":"search_term_string"}}],"inLanguage":"fr-FR"}]}},"_links":{"self":[{"href":"https:\/\/eqaokb-osslt.lswp.vretta.com\/fr\/wp-json\/wp\/v2\/ht-kb\/5278","targetHints":{"allow":["GET"]}}],"collection":[{"href":"https:\/\/eqaokb-osslt.lswp.vretta.com\/fr\/wp-json\/wp\/v2\/ht-kb"}],"about":[{"href":"https:\/\/eqaokb-osslt.lswp.vretta.com\/fr\/wp-json\/wp\/v2\/types\/ht_kb"}],"author":[{"embeddable":true,"href":"https:\/\/eqaokb-osslt.lswp.vretta.com\/fr\/wp-json\/wp\/v2\/users\/17"}],"replies":[{"embeddable":true,"href":"https:\/\/eqaokb-osslt.lswp.vretta.com\/fr\/wp-json\/wp\/v2\/comments?post=5278"}],"version-history":[{"count":22,"href":"https:\/\/eqaokb-osslt.lswp.vretta.com\/fr\/wp-json\/wp\/v2\/ht-kb\/5278\/revisions"}],"predecessor-version":[{"id":12950,"href":"https:\/\/eqaokb-osslt.lswp.vretta.com\/fr\/wp-json\/wp\/v2\/ht-kb\/5278\/revisions\/12950"}],"wp:attachment":[{"href":"https:\/\/eqaokb-osslt.lswp.vretta.com\/fr\/wp-json\/wp\/v2\/media?parent=5278"}],"wp:term":[{"taxonomy":"ht_kb_category","embeddable":true,"href":"https:\/\/eqaokb-osslt.lswp.vretta.com\/fr\/wp-json\/wp\/v2\/ht-kb-category?post=5278"},{"taxonomy":"ht_kb_tag","embeddable":true,"href":"https:\/\/eqaokb-osslt.lswp.vretta.com\/fr\/wp-json\/wp\/v2\/ht-kb-tag?post=5278"}],"curies":[{"name":"wp","href":"https:\/\/api.w.org\/{rel}","templated":true}]}}