{"id":11298,"date":"2022-11-15T23:43:23","date_gmt":"2022-11-15T23:43:23","guid":{"rendered":"https:\/\/tech-clones-v2-osslt.lswp.vretta.com\/?post_type=ht_kb&#038;p=11298"},"modified":"2025-10-06T17:07:10","modified_gmt":"2025-10-06T17:07:10","slug":"ecoles-privees-responsabilites-professionnelles-2","status":"publish","type":"ht_kb","link":"https:\/\/eqaokb-osslt.lswp.vretta.com\/fr\/knowledge-base\/ecoles-privees-responsabilites-professionnelles-2\/","title":{"rendered":"\u00c9coles priv\u00e9es \u2013 Responsabilit\u00e9s professionnelles"},"content":{"rendered":"\n<p>Cette section d\u00e9crit les responsabilit\u00e9s professionnelles auxquelles toutes les personnes participant \u00e0 l&rsquo;administration du test doivent se conformer.<\/p>\n\n\n\n<p>L\u2019OQRE fait appel aux directions d\u2019\u00e9coles, de concert avec les membres du personnel enseignant, pour s\u2019assurer que tous les tests de l\u2019OQRE sont administr\u00e9s conform\u00e9ment aux politiques et aux lignes directrices de l\u2019OQRE. Les responsabilit\u00e9s des directions d\u2019\u00e9coles et de toutes les personnes qui participent aux tests sont d\u00e9crites dans les Responsabilit\u00e9s professionnelles, qui sont disponibles dans le guide d\u2019utilisateur et sont \u00e9num\u00e9r\u00e9es ci-dessous.&nbsp; Cette section comprend des informations sur les responsabilit\u00e9s professionnelles des \u00e9coles publiques.&nbsp;<\/p>\n\n\n\n<p><strong>Les responsabilit\u00e9s professionnelles doivent \u00eatre accept\u00e9es dans le syst\u00e8me de test en ligne et respect\u00e9es par toutes les personnes participant \u00e0 l\u2019administration du test.\u202f En cas de manquement aux responsabilit\u00e9s professionnelles, l\u2019OQRE m\u00e8nera une enqu\u00eate. Si les r\u00e9sultats de l\u2019enqu\u00eate r\u00e9v\u00e8lent que le manquement a eu une incidence sur la fiabilit\u00e9 ou la validit\u00e9 des r\u00e9sultats, les r\u00e9sultats de l\u2019\u00e9l\u00e8ve ou de l\u2019\u00e9cole pourraient \u00eatre retenus<\/strong>.&nbsp;<\/p>\n\n\n\n<h2 class=\"wp-block-heading\" id=\"responsabilites-des-directions-decole\">Responsabilit\u00e9s des directions d\u2019\u00e9cole<\/h2>\n\n\n\n<p>La pr\u00e9sente section d\u00e9crit les principales responsabilit\u00e9s professionnelles<br>des directions d\u2019\u00e9cole en ce qui concerne l\u2019administration des <strong>tests en lecture, \u00e9criture et math\u00e9matiques des cycles primaire et moyen<\/strong>, du <strong>Test de math\u00e9matiques, 9<sup>e<\/sup>&nbsp;ann\u00e9e<\/strong> et du <strong>Test provincial de comp\u00e9tences linguistiques (TPCL)<\/strong>.<\/p>\n\n\n\n<p><strong>Les directions d\u2019\u00e9cole ont la responsabilit\u00e9 de s\u2019assurer&nbsp;:<\/strong><\/p>\n\n\n\n<ul class=\"wp-block-list\">\n<li>qu\u2019elles-m\u00eames, le personnel enseignant et les surveillantes et surveillants qui administrent les tests, ainsi que les personnes aidant \u00e0 la transcription, le personnel de l\u2019\u00e9cole ou toute autre personne exer\u00e7ant des activit\u00e9s li\u00e9es \u00e0 l\u2019administration du test, ont lu et respecteront les lignes directrices et les instructions contenues dans&nbsp;<strong>le guide d\u2019utilisation<\/strong>;<\/li>\n\n\n\n<li>qu\u2019elles ont acc\u00e8s aux webinaires et aux modules \u00e0 progression autonome de l\u2019OQRE;<\/li>\n\n\n\n<li>qu\u2019elles-m\u00eames, le personnel enseignant, les surveillantes et surveillants, le personnel de l\u2019\u00e9cole, les personnes aidant \u00e0 la transcription ou toute autre personne effectuant des activit\u00e9s li\u00e9es \u00e0 l\u2019administration du test<br>ont re\u00e7u une formation sur l\u2019administration du test et sur l\u2019utilisation<br>du syst\u00e8me de test en ligne avant d\u2019administrer les tests;<\/li>\n\n\n\n<li>que toutes les exigences techniques ont \u00e9t\u00e9 revues, accept\u00e9es et mises en \u0153uvre comme l\u2019exige l\u2019OQRE;<\/li>\n\n\n\n<li>que des renseignements complets et exacts sont fournis \u00e0 l\u2019OQRE au moyen du syst\u00e8me de test en ligne pour chaque \u00e9l\u00e8ve admissible \u00e0 faire les tests, y compris ceux qui font le test avec des adaptations;<\/li>\n\n\n\n<li>que les adaptations dont b\u00e9n\u00e9ficient les \u00e9l\u00e8ves correspondent aux adaptations autoris\u00e9es dans&nbsp;<strong>le guide d\u2019utilisation<\/strong>;<\/li>\n\n\n\n<li>que l\u2019horaire, les lieux et tout autre d\u00e9tail relatif au test sont d\u00e9termin\u00e9s avant le d\u00e9but de l\u2019administration du test et permettent \u00e0 chaque \u00e9l\u00e8ve de travailler ind\u00e9pendamment des autres \u00e9l\u00e8ves et sont conformes aux exigences de l\u2019OQRE telles que d\u00e9finies dans&nbsp;<strong>le guide d\u2019utilisation<\/strong>;<\/li>\n\n\n\n<li>qu\u2019il n\u2019y a aucun \u00e9cart par rapport aux lignes directrices et aux instructions de l\u2019OQRE sans une directive \u00e9crite explicite de la directrice principale de l\u2019\u00e9valuation de l\u2019OQRE;<\/li>\n\n\n\n<li>que toute violation ou violation pr\u00e9sum\u00e9e de la s\u00e9curit\u00e9 de la s\u00e9ance<br>de test est imm\u00e9diatement signal\u00e9e \u00e0 l\u2019OQRE;<\/li>\n\n\n\n<li>que les \u00e9l\u00e8ves savent que si une r\u00e9ponse \u00e0 la question d\u2019un test<br>ou d\u2019un questionnaire est jug\u00e9e offensante, la direction d\u2019\u00e9cole peut en \u00eatre inform\u00e9(e);<\/li>\n\n\n\n<li>que tous les renseignements sur les \u00e9l\u00e8ves sont valid\u00e9s dans le syst\u00e8me au terme de l\u2019administration des tests.<\/li>\n<\/ul>\n\n\n\n<h2 class=\"wp-block-heading\" id=\"responsabilites-des-personnes-participant-a-ladministration-du-test\"><strong>Responsabilit\u00e9s des personnes participant \u00e0 l\u2019administration du test<\/strong><\/h2>\n\n\n\n<p>Cette section d\u00e9crit les principales responsabilit\u00e9s professionnelles des personnes participant \u00e0 l\u2019administration des tests, y compris les directions d\u2019\u00e9cole et le personnel enseignant, avant, pendant et apr\u00e8s l\u2019administration des<strong> tests de lecture, d\u2019\u00e9criture et de math\u00e9matiques des cycles primaire et moyen<\/strong>, du <strong>Test de math\u00e9matiques, 9<sup>e<\/sup>&nbsp;ann\u00e9e<\/strong> et du <strong>Test provincial de comp\u00e9tences linguistiques (TPCL)<\/strong>.<\/p>\n\n\n\n<p><strong>Avant, pendant et apr\u00e8s<\/strong>&nbsp;le test&nbsp;:<\/p>\n\n\n\n<p>Toute personne participant aux activit\u00e9s li\u00e9es aux tests (par exemple, les \u00e9l\u00e8ves qui font les tests; le personnel enseignant, les surveillantes et surveillants,<br>le personnel de l\u2019\u00e9cole, les personnes aidant \u00e0 la transcription ou toute autre personne effectuant des activit\u00e9s li\u00e9es \u00e0 l\u2019administration du test) ne doit pas,<br>en tout ou en partie, copier, sauvegarder, reproduire, distribuer, publier ou afficher sur Internet (y compris sur les m\u00e9dias sociaux), ou ailleurs, du mat\u00e9riel relatif aux tests, y compris, mais sans s\u2019y limiter, des photographies des tests<br>ou des descriptions du contenu des tests (y compris, mais sans s\u2019y limiter,<br>des questions, des instructions, des images et des exemples).<\/p>\n\n\n\n<p><strong>Avant<\/strong>&nbsp;l\u2019administration des tests :<\/p>\n\n\n\n<ul class=\"wp-block-list\">\n<li>Les questions et les textes de lecture du test ne doivent pas \u00eatre consult\u00e9s avant l\u2019administration de la premi\u00e8re s\u00e9ance de test.<\/li>\n\n\n\n<li>Seules les personnes exer\u00e7ant des activit\u00e9s li\u00e9es \u00e0 l\u2019administration<br>du test peuvent avoir acc\u00e8s aux ordinateurs ou aux appareils<br>sur lesquels le test sera effectu\u00e9.<\/li>\n<\/ul>\n\n\n\n<p><strong>Pendant et apr\u00e8s&nbsp;<\/strong>l\u2019administration des tests :<\/p>\n\n\n\n<ul class=\"wp-block-list\">\n<li>Seules les personnes qui participent directement \u00e0 l\u2019administration<br>d\u2019un test (par exemple, le personnel enseignant, les surveillantes et surveillants, le personnel de l\u2019\u00e9cole, les personnes aidant \u00e0 la transcription ou toute personne exer\u00e7ant des activit\u00e9s li\u00e9es \u00e0 l\u2019administration du test) peuvent entrer dans la salle de test et avoir acc\u00e8s aux ordinateurs<br>ou aux appareils sur lesquels le test sera effectu\u00e9.<\/li>\n\n\n\n<li>Les personnes aidant \u00e0 la transcription peuvent avoir acc\u00e8s au test<br>de l\u2019\u00e9l\u00e8ve et au syst\u00e8me de test en ligne&nbsp;<strong>uniquement<\/strong>&nbsp;pendant l\u2019administration du test.<\/li>\n\n\n\n<li>Les \u00e9l\u00e8ves doivent \u00eatre surveill\u00e9s \u00e0 tout moment pendant l\u2019administration du test, y compris les \u00e9l\u00e8ves b\u00e9n\u00e9ficiant d\u2019adaptations et les \u00e9l\u00e8ves<br>qui ont droit \u00e0 du temps suppl\u00e9mentaire pour terminer le test.<\/li>\n\n\n\n<li>Personne ne peut utiliser les renseignements du test pour donner<br>des instructions sur un concept ou un item du test avant, pendant ou<br>apr\u00e8s l\u2019administration des tests.<\/li>\n\n\n\n<li>Pendant le test, personne ne peut expliquer, d\u00e9finir, traduire ou donner des exemples de vocabulaire de lecture ou de terminologie d\u2019\u00e9criture<br>aux \u00e9l\u00e8ves, y compris \u00e0 ceux qui b\u00e9n\u00e9ficient d\u2019adaptations.<\/li>\n\n\n\n<li>Pendant le test, il est interdit de dire ou de faire quoi que ce soit pour influencer les r\u00e9ponses des \u00e9l\u00e8ves. Pendant ou apr\u00e8s le test, il est interdit de dire ou de faire quoi que ce soit pour encourager ou influencer<br>les \u00e9l\u00e8ves \u00e0 modifier ou \u00e0 r\u00e9viser leurs r\u00e9ponses.<\/li>\n\n\n\n<li>Les t\u00e9l\u00e9phones cellulaires, les appareils d\u2019enregistrement audio ou vid\u00e9o, les courriels et les appareils de messagerie texte sont interdits dans<br>la salle de test. Des exceptions peuvent s\u2019appliquer conform\u00e9ment<br>aux directives de l\u2019OQRE.<\/li>\n\n\n\n<li>Personne ne peut lire, r\u00e9viser ou corriger le travail des \u00e9l\u00e8ves pendant<br>ou apr\u00e8s l\u2019administration du test, y compris copier, r\u00e9\u00e9crire, r\u00e9viser ou modifier le travail de l\u2019\u00e9l\u00e8ve de quelque mani\u00e8re que ce soit.<\/li>\n\n\n\n<li>Chaque s\u00e9ance doit \u00eatre compl\u00e9t\u00e9e en une seule fois. Une s\u00e9ance ne peut pas \u00eatre interrompue par le d\u00eener ou par tout autre programme scolaire. Une s\u00e9ance peut inclure des pauses pour boire, s\u2019\u00e9tirer ou aller aux toilettes.<\/li>\n\n\n\n<li>Toute circonstance susceptible d\u2019influer sur la notation du travail<br>d\u2019une ou d\u2019un \u00e9l\u00e8ve ou sur la validit\u00e9 de sa performance<br>(par exemple, une discussion entre deux \u00e9l\u00e8ves pendant le test)<br>doit \u00eatre document\u00e9e et signal\u00e9e \u00e0 l\u2019OQRE au moyen des<br>m\u00e9canismes d\u00e9finis dans&nbsp;<strong>le guide d\u2019utilisation<\/strong>.<\/li>\n\n\n\n<li>Le personnel enseignant doit s\u2019assurer que les r\u00e9ponses qui ont \u00e9t\u00e9 transcrites sont saisies dans le syst\u00e8me de test en ligne&nbsp;:\n<ul class=\"wp-block-list\">\n<li>Les r\u00e9ponses aux items de fran\u00e7ais \u00e0 r\u00e9ponse construite des cycles primaire ou moyen doivent \u00eatre num\u00e9ris\u00e9es et t\u00e9l\u00e9vers\u00e9es dans le syst\u00e8me de test en ligne en suivant&nbsp;<strong>les \u00e9tapes d\u00e9crites dans le guide d\u2019utilisation<\/strong>.<\/li>\n\n\n\n<li>Les r\u00e9ponses aux items de fran\u00e7ais en gros caract\u00e8res et \u00e0 r\u00e9ponse construite des cycles primaire ou moyen doivent \u00eatre transcrites dans le syst\u00e8me de test en ligne (et non num\u00e9ris\u00e9es) en suivant&nbsp;<strong>les \u00e9tapes d\u00e9crites dans le guide d\u2019utilisation<\/strong>.<\/li>\n<\/ul>\n<\/li>\n<\/ul>\n","protected":false},"excerpt":{"rendered":"<p>Cette section d\u00e9crit les responsabilit\u00e9s professionnelles de toutes les personnes impliqu\u00e9es dans l&rsquo;administration du test.<\/p>\n","protected":false},"author":17,"comment_status":"closed","ping_status":"closed","template":"","format":"standard","meta":{"footnotes":""},"ht-kb-category":[559],"ht-kb-tag":[],"class_list":["post-11298","ht_kb","type-ht_kb","status-publish","format-standard","hentry","ht_kb_category-responsabilites-professionnelles-et-lentente-dadministration-des-tests-pour-les-ecoles-privees"],"yoast_head":"<!-- This site is optimized with the Yoast SEO plugin v25.0 - https:\/\/yoast.com\/wordpress\/plugins\/seo\/ -->\n<title>\u00c9coles priv\u00e9es \u2013 Responsabilit\u00e9s professionnelles - Guide d&#039;utilisation pour l&#039;administration du Test provincial de comp\u00e9tences linguistiques (TPCL)<\/title>\n<meta name=\"robots\" content=\"index, follow, max-snippet:-1, max-image-preview:large, max-video-preview:-1\" \/>\n<link rel=\"canonical\" href=\"https:\/\/eqaokb-osslt.lswp.vretta.com\/fr\/knowledge-base\/ecoles-privees-responsabilites-professionnelles-2\/\" \/>\n<meta property=\"og:locale\" content=\"fr_FR\" \/>\n<meta property=\"og:type\" content=\"article\" \/>\n<meta property=\"og:title\" content=\"\u00c9coles priv\u00e9es \u2013 Responsabilit\u00e9s professionnelles - Guide d&#039;utilisation pour l&#039;administration du Test provincial de comp\u00e9tences linguistiques (TPCL)\" \/>\n<meta property=\"og:description\" content=\"Cette section d\u00e9crit les responsabilit\u00e9s professionnelles de toutes les personnes impliqu\u00e9es dans l&#039;administration du test.\" \/>\n<meta property=\"og:url\" content=\"https:\/\/eqaokb-osslt.lswp.vretta.com\/fr\/knowledge-base\/ecoles-privees-responsabilites-professionnelles-2\/\" \/>\n<meta property=\"og:site_name\" content=\"Guide d&#039;utilisation pour l&#039;administration du Test provincial de comp\u00e9tences linguistiques (TPCL)\" \/>\n<meta property=\"article:modified_time\" content=\"2025-10-06T17:07:10+00:00\" \/>\n<meta name=\"twitter:card\" content=\"summary_large_image\" \/>\n<meta name=\"twitter:label1\" content=\"Dur\u00e9e de lecture estim\u00e9e\" \/>\n\t<meta name=\"twitter:data1\" content=\"6 minutes\" \/>\n<script type=\"application\/ld+json\" class=\"yoast-schema-graph\">{\"@context\":\"https:\/\/schema.org\",\"@graph\":[{\"@type\":\"WebPage\",\"@id\":\"https:\/\/eqaokb-osslt.lswp.vretta.com\/fr\/knowledge-base\/ecoles-privees-responsabilites-professionnelles-2\/\",\"url\":\"https:\/\/eqaokb-osslt.lswp.vretta.com\/fr\/knowledge-base\/ecoles-privees-responsabilites-professionnelles-2\/\",\"name\":\"\u00c9coles priv\u00e9es \u2013 Responsabilit\u00e9s professionnelles - Guide d&#039;utilisation pour l&#039;administration du Test provincial de comp\u00e9tences linguistiques (TPCL)\",\"isPartOf\":{\"@id\":\"https:\/\/eqaokb-osslt.lswp.vretta.com\/#website\"},\"datePublished\":\"2022-11-15T23:43:23+00:00\",\"dateModified\":\"2025-10-06T17:07:10+00:00\",\"breadcrumb\":{\"@id\":\"https:\/\/eqaokb-osslt.lswp.vretta.com\/fr\/knowledge-base\/ecoles-privees-responsabilites-professionnelles-2\/#breadcrumb\"},\"inLanguage\":\"fr-FR\",\"potentialAction\":[{\"@type\":\"ReadAction\",\"target\":[\"https:\/\/eqaokb-osslt.lswp.vretta.com\/fr\/knowledge-base\/ecoles-privees-responsabilites-professionnelles-2\/\"]}]},{\"@type\":\"BreadcrumbList\",\"@id\":\"https:\/\/eqaokb-osslt.lswp.vretta.com\/fr\/knowledge-base\/ecoles-privees-responsabilites-professionnelles-2\/#breadcrumb\",\"itemListElement\":[{\"@type\":\"ListItem\",\"position\":1,\"name\":\"Home\",\"item\":\"https:\/\/eqaokb-osslt.lswp.vretta.com\/\"},{\"@type\":\"ListItem\",\"position\":2,\"name\":\"\u00c9coles priv\u00e9es \u2013 Responsabilit\u00e9s professionnelles\"}]},{\"@type\":\"WebSite\",\"@id\":\"https:\/\/eqaokb-osslt.lswp.vretta.com\/#website\",\"url\":\"https:\/\/eqaokb-osslt.lswp.vretta.com\/\",\"name\":\"Guide d&#039;utilisation pour l&#039;administration du Test provincial de comp\u00e9tences linguistiques (TPCL)\",\"description\":\"\",\"potentialAction\":[{\"@type\":\"SearchAction\",\"target\":{\"@type\":\"EntryPoint\",\"urlTemplate\":\"https:\/\/eqaokb-osslt.lswp.vretta.com\/?s={search_term_string}\"},\"query-input\":{\"@type\":\"PropertyValueSpecification\",\"valueRequired\":true,\"valueName\":\"search_term_string\"}}],\"inLanguage\":\"fr-FR\"}]}<\/script>\n<!-- \/ Yoast SEO plugin. -->","yoast_head_json":{"title":"\u00c9coles priv\u00e9es \u2013 Responsabilit\u00e9s professionnelles - Guide d&#039;utilisation pour l&#039;administration du Test provincial de comp\u00e9tences linguistiques (TPCL)","robots":{"index":"index","follow":"follow","max-snippet":"max-snippet:-1","max-image-preview":"max-image-preview:large","max-video-preview":"max-video-preview:-1"},"canonical":"https:\/\/eqaokb-osslt.lswp.vretta.com\/fr\/knowledge-base\/ecoles-privees-responsabilites-professionnelles-2\/","og_locale":"fr_FR","og_type":"article","og_title":"\u00c9coles priv\u00e9es \u2013 Responsabilit\u00e9s professionnelles - Guide d&#039;utilisation pour l&#039;administration du Test provincial de comp\u00e9tences linguistiques (TPCL)","og_description":"Cette section d\u00e9crit les responsabilit\u00e9s professionnelles de toutes les personnes impliqu\u00e9es dans l'administration du test.","og_url":"https:\/\/eqaokb-osslt.lswp.vretta.com\/fr\/knowledge-base\/ecoles-privees-responsabilites-professionnelles-2\/","og_site_name":"Guide d&#039;utilisation pour l&#039;administration du Test provincial de comp\u00e9tences linguistiques (TPCL)","article_modified_time":"2025-10-06T17:07:10+00:00","twitter_card":"summary_large_image","twitter_misc":{"Dur\u00e9e de lecture estim\u00e9e":"6 minutes"},"schema":{"@context":"https:\/\/schema.org","@graph":[{"@type":"WebPage","@id":"https:\/\/eqaokb-osslt.lswp.vretta.com\/fr\/knowledge-base\/ecoles-privees-responsabilites-professionnelles-2\/","url":"https:\/\/eqaokb-osslt.lswp.vretta.com\/fr\/knowledge-base\/ecoles-privees-responsabilites-professionnelles-2\/","name":"\u00c9coles priv\u00e9es \u2013 Responsabilit\u00e9s professionnelles - Guide d&#039;utilisation pour l&#039;administration du Test provincial de comp\u00e9tences linguistiques (TPCL)","isPartOf":{"@id":"https:\/\/eqaokb-osslt.lswp.vretta.com\/#website"},"datePublished":"2022-11-15T23:43:23+00:00","dateModified":"2025-10-06T17:07:10+00:00","breadcrumb":{"@id":"https:\/\/eqaokb-osslt.lswp.vretta.com\/fr\/knowledge-base\/ecoles-privees-responsabilites-professionnelles-2\/#breadcrumb"},"inLanguage":"fr-FR","potentialAction":[{"@type":"ReadAction","target":["https:\/\/eqaokb-osslt.lswp.vretta.com\/fr\/knowledge-base\/ecoles-privees-responsabilites-professionnelles-2\/"]}]},{"@type":"BreadcrumbList","@id":"https:\/\/eqaokb-osslt.lswp.vretta.com\/fr\/knowledge-base\/ecoles-privees-responsabilites-professionnelles-2\/#breadcrumb","itemListElement":[{"@type":"ListItem","position":1,"name":"Home","item":"https:\/\/eqaokb-osslt.lswp.vretta.com\/"},{"@type":"ListItem","position":2,"name":"\u00c9coles priv\u00e9es \u2013 Responsabilit\u00e9s professionnelles"}]},{"@type":"WebSite","@id":"https:\/\/eqaokb-osslt.lswp.vretta.com\/#website","url":"https:\/\/eqaokb-osslt.lswp.vretta.com\/","name":"Guide d&#039;utilisation pour l&#039;administration du Test provincial de comp\u00e9tences linguistiques (TPCL)","description":"","potentialAction":[{"@type":"SearchAction","target":{"@type":"EntryPoint","urlTemplate":"https:\/\/eqaokb-osslt.lswp.vretta.com\/?s={search_term_string}"},"query-input":{"@type":"PropertyValueSpecification","valueRequired":true,"valueName":"search_term_string"}}],"inLanguage":"fr-FR"}]}},"_links":{"self":[{"href":"https:\/\/eqaokb-osslt.lswp.vretta.com\/fr\/wp-json\/wp\/v2\/ht-kb\/11298","targetHints":{"allow":["GET"]}}],"collection":[{"href":"https:\/\/eqaokb-osslt.lswp.vretta.com\/fr\/wp-json\/wp\/v2\/ht-kb"}],"about":[{"href":"https:\/\/eqaokb-osslt.lswp.vretta.com\/fr\/wp-json\/wp\/v2\/types\/ht_kb"}],"author":[{"embeddable":true,"href":"https:\/\/eqaokb-osslt.lswp.vretta.com\/fr\/wp-json\/wp\/v2\/users\/17"}],"replies":[{"embeddable":true,"href":"https:\/\/eqaokb-osslt.lswp.vretta.com\/fr\/wp-json\/wp\/v2\/comments?post=11298"}],"version-history":[{"count":5,"href":"https:\/\/eqaokb-osslt.lswp.vretta.com\/fr\/wp-json\/wp\/v2\/ht-kb\/11298\/revisions"}],"predecessor-version":[{"id":15044,"href":"https:\/\/eqaokb-osslt.lswp.vretta.com\/fr\/wp-json\/wp\/v2\/ht-kb\/11298\/revisions\/15044"}],"wp:attachment":[{"href":"https:\/\/eqaokb-osslt.lswp.vretta.com\/fr\/wp-json\/wp\/v2\/media?parent=11298"}],"wp:term":[{"taxonomy":"ht_kb_category","embeddable":true,"href":"https:\/\/eqaokb-osslt.lswp.vretta.com\/fr\/wp-json\/wp\/v2\/ht-kb-category?post=11298"},{"taxonomy":"ht_kb_tag","embeddable":true,"href":"https:\/\/eqaokb-osslt.lswp.vretta.com\/fr\/wp-json\/wp\/v2\/ht-kb-tag?post=11298"}],"curies":[{"name":"wp","href":"https:\/\/api.w.org\/{rel}","templated":true}]}}